{"id":11605,"date":"2024-04-03T10:09:18","date_gmt":"2024-04-03T10:09:18","guid":{"rendered":"https:\/\/madeiracarrentals.com\/madeira-car-rental-discount-kods\/"},"modified":"2025-12-28T19:57:01","modified_gmt":"2025-12-28T19:57:01","slug":"madeira-car-rental-discount-kods","status":"publish","type":"page","link":"https:\/\/madeiracarrentals.com\/lv\/madeira-car-rental-discount-kods\/","title":{"rendered":"madeira-car-rental-discount -kods"},"content":{"rendered":"\t\t<div data-elementor-type=\"wp-page\" data-elementor-id=\"11605\" class=\"elementor elementor-11605 elementor-411\" data-elementor-post-type=\"page\">\n\t\t\t\t<div class=\"elementor-element elementor-element-527d014 e-flex e-con-boxed e-con e-parent\" data-id=\"527d014\" data-element_type=\"container\" data-e-type=\"container\" data-settings=\"{&quot;background_background&quot;:&quot;classic&quot;}\">\n\t\t\t\t\t<div class=\"e-con-inner\">\n\t\t\t\t<div class=\"elementor-element elementor-element-d2a1b8f elementor-widget elementor-widget-html\" data-id=\"d2a1b8f\" data-element_type=\"widget\" data-e-type=\"widget\" data-widget_type=\"html.default\">\n\t\t\t\t\t<style>\r\n  .discount-section{\r\n    text-align:center;\r\n    margin:32px auto 20px auto;\r\n    max-width:900px;\r\n    padding:0 16px;\r\n    font-family:Arial, sans-serif;\r\n  }\r\n  .discount-title{\r\n    font-family:'Oswald', sans-serif;\r\n    font-size:40px;\r\n    font-weight:700;\r\n    line-height:1.25;\r\n    color:#023047;\r\n    display:inline-block;\r\n    position:relative;\r\n    padding-bottom:6px;\r\n  }\r\n  .discount-title::after{\r\n    content:\"\";\r\n    position:absolute;\r\n    left:0;\r\n    bottom:0;\r\n    width:100%;\r\n    height:4px;\r\n    border-radius:999px;\r\n    background:linear-gradient(90deg,#FFB703,#EC7424);\r\n  }\r\n  @media (max-width:600px){\r\n    .discount-section{\r\n      margin:24px auto 16px auto;\r\n      padding:0 12px;\r\n    }\r\n    .discount-title{\r\n      font-size:26px;\r\n      padding-bottom:5px;\r\n    }\r\n    .discount-title::after{\r\n      height:3px;\r\n    }\r\n  }\r\n<\/style>\r\n\r\n<div class=\"discount-section\">\r\n  <h1 class=\"discount-title\">\r\n    Ekskluz\u012bvi auto nomas atlai\u017eu kodi Madeir\u0101 \u2014 l\u012bdz 10% atlaide\r\n  <\/h1>\r\n<\/div>\r\n\t\t\t\t<\/div>\n\t\t\t\t\t<\/div>\n\t\t\t\t<\/div>\n\t\t<div class=\"elementor-element elementor-element-2027d17 e-flex e-con-boxed e-con e-parent\" data-id=\"2027d17\" data-element_type=\"container\" data-e-type=\"container\" data-settings=\"{&quot;background_background&quot;:&quot;classic&quot;}\">\n\t\t\t\t\t<div class=\"e-con-inner\">\n\t\t<div class=\"elementor-element elementor-element-1ca9d9e e-con-full e-flex e-con e-child\" data-id=\"1ca9d9e\" data-element_type=\"container\" data-e-type=\"container\" data-settings=\"{&quot;background_background&quot;:&quot;classic&quot;}\">\n\t\t\t\t<div class=\"elementor-element elementor-element-8974f16 elementor-widget elementor-widget-heading\" data-id=\"8974f16\" data-element_type=\"widget\" data-e-type=\"widget\" data-widget_type=\"heading.default\">\n\t\t\t\t\t<h2 class=\"elementor-heading-title elementor-size-default\">RentX Car Rental atlai\u017eu kods<\/h2>\t\t\t\t<\/div>\n\t\t\t\t<div class=\"elementor-element elementor-element-600f8be elementor-widget elementor-widget-image\" data-id=\"600f8be\" data-element_type=\"widget\" data-e-type=\"widget\" data-widget_type=\"image.default\">\n\t\t\t\t\t\t\t\t\t\t\t\t<figure class=\"wp-caption\">\n\t\t\t\t\t\t\t\t\t\t\t<a href=\"https:\/\/rentx.pt\/\" target=\"_blank\" rel=\"noopener\">\n\t\t\t\t\t\t\t<img fetchpriority=\"high\" decoding=\"async\" width=\"500\" height=\"150\" src=\"https:\/\/madeiracarrentals.com\/wp-content\/uploads\/2025\/12\/10-ATLAIDE-rentx.png\" class=\"attachment-full size-full wp-image-30079\" alt=\"10% ATLAIDE rentx\" srcset=\"https:\/\/madeiracarrentals.com\/wp-content\/uploads\/2025\/12\/10-ATLAIDE-rentx.png 500w, https:\/\/madeiracarrentals.com\/wp-content\/uploads\/2025\/12\/10-ATLAIDE-rentx-300x90.png 300w\" sizes=\"(max-width: 500px) 100vw, 500px\" \/>\t\t\t\t\t\t\t\t<\/a>\n\t\t\t\t\t\t\t\t\t\t\t<figcaption class=\"widget-image-caption wp-caption-text\"><\/figcaption>\n\t\t\t\t\t\t\t\t\t\t<\/figure>\n\t\t\t\t\t\t\t\t\t<\/div>\n\t\t\t\t<\/div>\n\t\t<div class=\"elementor-element elementor-element-f3a3f83 e-con-full e-flex e-con e-child\" data-id=\"f3a3f83\" data-element_type=\"container\" data-e-type=\"container\" data-settings=\"{&quot;background_background&quot;:&quot;classic&quot;}\">\n\t\t\t\t<div class=\"elementor-element elementor-element-48e8d7b elementor-widget elementor-widget-heading\" data-id=\"48e8d7b\" data-element_type=\"widget\" data-e-type=\"widget\" data-widget_type=\"heading.default\">\n\t\t\t\t\t<h2 class=\"elementor-heading-title elementor-size-default\">Auto Canhas atlai\u017eu kods<\/h2>\t\t\t\t<\/div>\n\t\t\t\t<div class=\"elementor-element elementor-element-841bfe7 elementor-widget elementor-widget-image\" data-id=\"841bfe7\" data-element_type=\"widget\" data-e-type=\"widget\" data-widget_type=\"image.default\">\n\t\t\t\t\t\t\t\t\t\t\t\t<figure class=\"wp-caption\">\n\t\t\t\t\t\t\t\t\t\t\t<a href=\"https:\/\/autocanhasrentacar.com\/en\/\" target=\"_blank\" rel=\"noopener\">\n\t\t\t\t\t\t\t<img decoding=\"async\" width=\"500\" height=\"150\" src=\"https:\/\/madeiracarrentals.com\/wp-content\/uploads\/2025\/12\/10-ATLAIDE-canhas.png\" class=\"attachment-full size-full wp-image-30198\" alt=\"10% ATLAIDE canhas\" srcset=\"https:\/\/madeiracarrentals.com\/wp-content\/uploads\/2025\/12\/10-ATLAIDE-canhas.png 500w, https:\/\/madeiracarrentals.com\/wp-content\/uploads\/2025\/12\/10-ATLAIDE-canhas-300x90.png 300w\" sizes=\"(max-width: 500px) 100vw, 500px\" \/>\t\t\t\t\t\t\t\t<\/a>\n\t\t\t\t\t\t\t\t\t\t\t<figcaption class=\"widget-image-caption wp-caption-text\"><\/figcaption>\n\t\t\t\t\t\t\t\t\t\t<\/figure>\n\t\t\t\t\t\t\t\t\t<\/div>\n\t\t\t\t<\/div>\n\t\t<div class=\"elementor-element elementor-element-165a35b e-con-full e-flex e-con e-child\" data-id=\"165a35b\" data-element_type=\"container\" data-e-type=\"container\" data-settings=\"{&quot;background_background&quot;:&quot;classic&quot;}\">\n\t\t\t\t<div class=\"elementor-element elementor-element-5d24c99 elementor-widget elementor-widget-heading\" data-id=\"5d24c99\" data-element_type=\"widget\" data-e-type=\"widget\" data-widget_type=\"heading.default\">\n\t\t\t\t\t<h1 class=\"elementor-heading-title elementor-size-default\">Rent-A-Car Madeira atlai\u017eu kods<\/h1>\t\t\t\t<\/div>\n\t\t\t\t<div class=\"elementor-element elementor-element-ce24510 elementor-widget elementor-widget-image\" data-id=\"ce24510\" data-element_type=\"widget\" data-e-type=\"widget\" data-widget_type=\"image.default\">\n\t\t\t\t\t\t\t\t\t\t\t\t<figure class=\"wp-caption\">\n\t\t\t\t\t\t\t\t\t\t\t<a href=\"https:\/\/rentcarmadeira.com\/en\/\" target=\"_blank\" rel=\"noopener\">\n\t\t\t\t\t\t\t<img decoding=\"async\" width=\"500\" height=\"150\" src=\"https:\/\/madeiracarrentals.com\/wp-content\/uploads\/2025\/12\/10-ATLAIDE-rent-a-car.png\" class=\"attachment-full size-full wp-image-30142\" alt=\"10% ATLAIDE rent a car\" srcset=\"https:\/\/madeiracarrentals.com\/wp-content\/uploads\/2025\/12\/10-ATLAIDE-rent-a-car.png 500w, https:\/\/madeiracarrentals.com\/wp-content\/uploads\/2025\/12\/10-ATLAIDE-rent-a-car-300x90.png 300w\" sizes=\"(max-width: 500px) 100vw, 500px\" \/>\t\t\t\t\t\t\t\t<\/a>\n\t\t\t\t\t\t\t\t\t\t\t<figcaption class=\"widget-image-caption wp-caption-text\"><\/figcaption>\n\t\t\t\t\t\t\t\t\t\t<\/figure>\n\t\t\t\t\t\t\t\t\t<\/div>\n\t\t\t\t<\/div>\n\t\t\t\t\t<\/div>\n\t\t\t\t<\/div>\n\t\t<div class=\"elementor-element elementor-element-c18f033 e-flex e-con-boxed e-con e-parent\" data-id=\"c18f033\" data-element_type=\"container\" data-e-type=\"container\">\n\t\t\t\t\t<div class=\"e-con-inner\">\n\t\t\t\t<div class=\"elementor-element elementor-element-c247d2f elementor-widget elementor-widget-heading\" data-id=\"c247d2f\" data-element_type=\"widget\" data-e-type=\"widget\" data-widget_type=\"heading.default\">\n\t\t\t\t\t<h2 class=\"elementor-heading-title elementor-size-default\">RentX Car Rental atlai\u017eu kods<\/h2>\t\t\t\t<\/div>\n\t\t\t\t<div class=\"elementor-element elementor-element-6b436ad elementor-widget elementor-widget-text-editor\" data-id=\"6b436ad\" data-element_type=\"widget\" data-e-type=\"widget\" data-widget_type=\"text-editor.default\">\n\t\t\t\t\t\t\t\t\t<p>\ud83d\ude97 <strong>Sa\u0146em 10% atlaidi n\u0101kamajai nomai pie RentX!<\/strong><br data-start=\"84\" data-end=\"87\" data-is-only-node=\"\" \/>Rezerv\u0113jot ievadi <strong data-start=\"105\" data-end=\"116\">VAMOS10<\/strong> kupona kodu, un atlaide tiks piem\u0113rota \u2014 vienk\u0101r\u0161a auto noma Madeir\u0101.<\/p>\t\t\t\t\t\t\t\t<\/div>\n\t\t\t\t<div class=\"elementor-element elementor-element-9ede5e6 elementor-align-justify elementor-widget elementor-widget-button\" data-id=\"9ede5e6\" data-element_type=\"widget\" data-e-type=\"widget\" data-widget_type=\"button.default\">\n\t\t\t\t\t\t\t\t\t\t<a class=\"elementor-button elementor-button-link elementor-size-sm\" href=\"https:\/\/rentx.pt\/\" target=\"_blank\" rel=\"noopener\">\n\t\t\t\t\t\t<span class=\"elementor-button-content-wrapper\">\n\t\t\t\t\t\t\t\t\t<span class=\"elementor-button-text\">Skat\u012bt cenas<\/span>\n\t\t\t\t\t<\/span>\n\t\t\t\t\t<\/a>\n\t\t\t\t\t\t\t\t<\/div>\n\t\t\t\t<div class=\"elementor-element elementor-element-c4add86 elementor-widget-divider--view-line elementor-widget elementor-widget-divider\" data-id=\"c4add86\" data-element_type=\"widget\" data-e-type=\"widget\" data-widget_type=\"divider.default\">\n\t\t\t\t\t\t\t<div class=\"elementor-divider\">\n\t\t\t<span class=\"elementor-divider-separator\">\n\t\t\t\t\t\t<\/span>\n\t\t<\/div>\n\t\t\t\t\t\t<\/div>\n\t\t\t\t<div class=\"elementor-element elementor-element-8e4ef5a elementor-widget elementor-widget-heading\" data-id=\"8e4ef5a\" data-element_type=\"widget\" data-e-type=\"widget\" data-widget_type=\"heading.default\">\n\t\t\t\t\t<h2 class=\"elementor-heading-title elementor-size-default\">Auto Canhas atlai\u017eu kods<\/h2>\t\t\t\t<\/div>\n\t\t\t\t<div class=\"elementor-element elementor-element-11af78b elementor-widget elementor-widget-text-editor\" data-id=\"11af78b\" data-element_type=\"widget\" data-e-type=\"widget\" data-widget_type=\"text-editor.default\">\n\t\t\t\t\t\t\t\t\t<p>\ud83d\ude97 <strong>5% atlaide Auto Canhas<\/strong><br data-start=\"656\" data-end=\"659\" \/>Veicot rezerv\u0101ciju, izmanto atlai\u017eu kodu <strong data-start=\"702\" data-end=\"712\">VAMOS5<\/strong>, lai sa\u0146emtu <strong data-start=\"726\" data-end=\"740\">5% atlaidi<\/strong>.<\/p>\t\t\t\t\t\t\t\t<\/div>\n\t\t\t\t<div class=\"elementor-element elementor-element-6d40b9e elementor-align-justify elementor-widget elementor-widget-button\" data-id=\"6d40b9e\" data-element_type=\"widget\" data-e-type=\"widget\" data-widget_type=\"button.default\">\n\t\t\t\t\t\t\t\t\t\t<a class=\"elementor-button elementor-button-link elementor-size-sm\" href=\"https:\/\/autocanhasrentacar.com\/en\/\" target=\"_blank\" rel=\"noopener\">\n\t\t\t\t\t\t<span class=\"elementor-button-content-wrapper\">\n\t\t\t\t\t\t\t\t\t<span class=\"elementor-button-text\">Skat\u012bt cenas<\/span>\n\t\t\t\t\t<\/span>\n\t\t\t\t\t<\/a>\n\t\t\t\t\t\t\t\t<\/div>\n\t\t\t\t<div class=\"elementor-element elementor-element-036aacf elementor-widget-divider--view-line elementor-widget elementor-widget-divider\" data-id=\"036aacf\" data-element_type=\"widget\" data-e-type=\"widget\" data-widget_type=\"divider.default\">\n\t\t\t\t\t\t\t<div class=\"elementor-divider\">\n\t\t\t<span class=\"elementor-divider-separator\">\n\t\t\t\t\t\t<\/span>\n\t\t<\/div>\n\t\t\t\t\t\t<\/div>\n\t\t\t\t<div class=\"elementor-element elementor-element-31ce5cb elementor-widget elementor-widget-heading\" data-id=\"31ce5cb\" data-element_type=\"widget\" data-e-type=\"widget\" data-widget_type=\"heading.default\">\n\t\t\t\t\t<h2 class=\"elementor-heading-title elementor-size-default\">Rent-A-Car Madeira atlai\u017eu kods<\/h2>\t\t\t\t<\/div>\n\t\t\t\t<div class=\"elementor-element elementor-element-1688884 elementor-widget elementor-widget-text-editor\" data-id=\"1688884\" data-element_type=\"widget\" data-e-type=\"widget\" data-widget_type=\"text-editor.default\">\n\t\t\t\t\t\t\t\t\t<p><img decoding=\"async\" class=\"emoji\" role=\"img\" draggable=\"false\" src=\"https:\/\/s.w.org\/images\/core\/emoji\/16.0.1\/svg\/1f697.svg\" alt=\"\ud83d\ude97\" \/><strong> Sa\u0146em 10% atlaidi no auto cenas pie Rent-A-Car Madeira!<\/strong><br data-start=\"477\" data-end=\"480\" data-is-only-node=\"\" \/>Rezerv\u0113jot ievadi <strong data-start=\"498\" data-end=\"509\">VAMOS10<\/strong> kupona kodu, un sist\u0113ma autom\u0101tiski atskait\u012bs <strong data-start=\"556\" data-end=\"563\">10%<\/strong> no auto cenas.<\/p>\t\t\t\t\t\t\t\t<\/div>\n\t\t\t\t<div class=\"elementor-element elementor-element-d2365de elementor-align-justify elementor-widget elementor-widget-button\" data-id=\"d2365de\" data-element_type=\"widget\" data-e-type=\"widget\" data-widget_type=\"button.default\">\n\t\t\t\t\t\t\t\t\t\t<a class=\"elementor-button elementor-button-link elementor-size-sm\" href=\"https:\/\/rentcarmadeira.com\/en\/\" target=\"_blank\" rel=\"noopener\">\n\t\t\t\t\t\t<span class=\"elementor-button-content-wrapper\">\n\t\t\t\t\t\t\t\t\t<span class=\"elementor-button-text\">Skat\u012bt cenas<\/span>\n\t\t\t\t\t<\/span>\n\t\t\t\t\t<\/a>\n\t\t\t\t\t\t\t\t<\/div>\n\t\t\t\t\t<\/div>\n\t\t\t\t<\/div>\n\t\t<div class=\"elementor-element elementor-element-8cad4a8 e-flex e-con-boxed e-con e-parent\" data-id=\"8cad4a8\" data-element_type=\"container\" data-e-type=\"container\" data-settings=\"{&quot;background_background&quot;:&quot;classic&quot;}\">\n\t\t\t\t\t<div class=\"e-con-inner\">\n\t\t\t\t<div class=\"elementor-element elementor-element-95a26ce elementor-widget elementor-widget-html\" data-id=\"95a26ce\" data-element_type=\"widget\" data-e-type=\"widget\" data-widget_type=\"html.default\">\n\t\t\t\t\t<!-- \u2728 Kapcsolat blokk -->\r\n<section class=\"contact-cta\">\r\n  <style>\r\n    .contact-cta {\r\n      font-family: \"Oswald\", system-ui, sans-serif;\r\n      background: linear-gradient(135deg, #f9fafb, #ffffff);\r\n      border-radius: 18px;\r\n      box-shadow: 0 8px 24px rgba(15, 23, 42, 0.08);\r\n      padding: clamp(30px, 5vw, 60px) clamp(20px, 4vw, 40px);\r\n      text-align: center;\r\n      margin: 40px auto;\r\n      max-width: 900px;\r\n    }\r\n\r\n    .contact-cta h2 {\r\n      font-size: clamp(22px, 3vw, 34px);\r\n      margin-bottom: 24px;\r\n      font-weight: 700;\r\n      color: #000;\r\n    }\r\n\r\n    .contact-cta .cta-buttons {\r\n      display: flex;\r\n      justify-content: center;\r\n      gap: 20px;\r\n      flex-wrap: wrap;\r\n    }\r\n\r\n    .contact-cta a {\r\n      display: inline-flex;\r\n      align-items: center;\r\n      gap: 10px;\r\n      text-decoration: none;\r\n      font-size: 16px;\r\n      font-weight: 700;\r\n      padding: 14px 24px;\r\n      border-radius: 12px;\r\n      transition: transform 0.2s ease, background 0.2s ease;\r\n    }\r\n\r\n    \/* Email gomb *\/\r\n    .contact-cta .email {\r\n      background: linear-gradient(135deg, #023047, #035c82);\r\n      color: #fff;\r\n      box-shadow: 0 6px 14px rgba(0, 0, 0, 0.12);\r\n    }\r\n    .contact-cta .email:hover {\r\n      background: linear-gradient(135deg, #ffb703, #ffd166);\r\n      color: #111827;\r\n      transform: translateY(-2px);\r\n    }\r\n\r\n    \/* WhatsApp gomb *\/\r\n    .contact-cta .whatsapp {\r\n      background: linear-gradient(135deg, #25D366, #1ebe57);\r\n      color: #fff;\r\n      box-shadow: 0 6px 14px rgba(0, 0, 0, 0.12);\r\n    }\r\n    .contact-cta .whatsapp:hover {\r\n      background: linear-gradient(135deg, #ffb703, #ffd166);\r\n      color: #111827;\r\n      transform: translateY(-2px);\r\n    }\r\n\r\n    .contact-cta a span {\r\n      font-size: 18px;\r\n    }\r\n  <\/style>\r\n\r\n  <h2>Vajag pal\u012bdz\u012bbu?<br>Uzraksti mums e-past\u0101 vai WhatsApp!<\/h2>\r\n\r\n  <div class=\"cta-buttons\">\r\n    <a href=\"mailto:info@car4youmadeira.com\" class=\"email\">\r\n      <span>\ud83d\udc8c<\/span> S\u016bt\u012bt e-pastu\r\n    <\/a>\r\n    <a href=\"https:\/\/wa.me\/36703883504\" target=\"_blank\" class=\"whatsapp\" rel=\"noopener\">\r\n      <span>\ud83d\udcac<\/span> WhatsApp zi\u0146a\r\n    <\/a>\r\n  <\/div>\r\n<\/section>\r\n\t\t\t\t<\/div>\n\t\t\t\t<div class=\"elementor-element elementor-element-d6b5cd9 elementor-widget elementor-widget-spacer\" data-id=\"d6b5cd9\" data-element_type=\"widget\" data-e-type=\"widget\" data-widget_type=\"spacer.default\">\n\t\t\t\t\t\t\t<div class=\"elementor-spacer\">\n\t\t\t<div class=\"elementor-spacer-inner\"><\/div>\n\t\t<\/div>\n\t\t\t\t\t\t<\/div>\n\t\t\t\t\t<\/div>\n\t\t\t\t<\/div>\n\t\t\t\t<\/div>\n\t\t","protected":false},"excerpt":{"rendered":"<p>Ekskluz\u012bvi auto nomas atlai\u017eu kodi Madeir\u0101 \u2014 l\u012bdz 10% atlaide RentX Car Rental atlai\u017eu kods Auto Canhas atlai\u017eu kods Rent-A-Car Madeira atlai\u017eu kods RentX Car Rental atlai\u017eu kods &#x1f697; Sa\u0146em 10% atlaidi n\u0101kamajai nomai pie RentX!Rezerv\u0113jot ievadi VAMOS10 kupona kodu, un atlaide tiks piem\u0113rota \u2014 vienk\u0101r\u0161a auto noma Madeir\u0101. Skat\u012bt cenas Auto Canhas atlai\u017eu kods [&hellip;]<\/p>\n","protected":false},"author":1,"featured_media":0,"parent":0,"menu_order":6,"comment_status":"closed","ping_status":"closed","template":"elementor_header_footer","meta":{"_glsr_average":0,"_glsr_ranking":0,"_glsr_reviews":0,"footnotes":""},"class_list":["post-11605","page","type-page","status-publish","hentry"],"_links":{"self":[{"href":"https:\/\/madeiracarrentals.com\/lv\/wp-json\/wp\/v2\/pages\/11605","targetHints":{"allow":["GET"]}}],"collection":[{"href":"https:\/\/madeiracarrentals.com\/lv\/wp-json\/wp\/v2\/pages"}],"about":[{"href":"https:\/\/madeiracarrentals.com\/lv\/wp-json\/wp\/v2\/types\/page"}],"author":[{"embeddable":true,"href":"https:\/\/madeiracarrentals.com\/lv\/wp-json\/wp\/v2\/users\/1"}],"replies":[{"embeddable":true,"href":"https:\/\/madeiracarrentals.com\/lv\/wp-json\/wp\/v2\/comments?post=11605"}],"version-history":[{"count":0,"href":"https:\/\/madeiracarrentals.com\/lv\/wp-json\/wp\/v2\/pages\/11605\/revisions"}],"wp:attachment":[{"href":"https:\/\/madeiracarrentals.com\/lv\/wp-json\/wp\/v2\/media?parent=11605"}],"curies":[{"name":"wp","href":"https:\/\/api.w.org\/{rel}","templated":true}]}}