{"id":10670,"date":"2024-04-03T10:09:18","date_gmt":"2024-04-03T10:09:18","guid":{"rendered":"https:\/\/madeiracarrentals.com\/madeira-car-rental-discount-code\/"},"modified":"2025-12-28T19:56:56","modified_gmt":"2025-12-28T19:56:56","slug":"madeira-car-rental-discount-code","status":"publish","type":"page","link":"https:\/\/madeiracarrentals.com\/pl\/madeira-car-rental-discount-code\/","title":{"rendered":"madeira-car-rental-discount -code"},"content":{"rendered":"\t\t<div data-elementor-type=\"wp-page\" data-elementor-id=\"10670\" class=\"elementor elementor-10670 elementor-411\" data-elementor-post-type=\"page\">\n\t\t\t\t<div class=\"elementor-element elementor-element-a10951c e-flex e-con-boxed e-con e-parent\" data-id=\"a10951c\" data-element_type=\"container\" data-e-type=\"container\" data-settings=\"{&quot;background_background&quot;:&quot;classic&quot;}\">\n\t\t\t\t\t<div class=\"e-con-inner\">\n\t\t\t\t<div class=\"elementor-element elementor-element-404918f elementor-widget elementor-widget-html\" data-id=\"404918f\" data-element_type=\"widget\" data-e-type=\"widget\" data-widget_type=\"html.default\">\n\t\t\t\t\t<style>\r\n  .discount-section{\r\n    text-align:center;\r\n    margin:32px auto 20px auto;\r\n    max-width:900px;\r\n    padding:0 16px;\r\n    font-family:Arial, sans-serif;\r\n  }\r\n  .discount-title{\r\n    font-family:'Oswald', sans-serif;\r\n    font-size:40px;\r\n    font-weight:700;\r\n    line-height:1.25;\r\n    color:#023047;\r\n    display:inline-block;\r\n    position:relative;\r\n    padding-bottom:6px;\r\n  }\r\n  .discount-title::after{\r\n    content:\"\";\r\n    position:absolute;\r\n    left:0;\r\n    bottom:0;\r\n    width:100%;\r\n    height:4px;\r\n    border-radius:999px;\r\n    background:linear-gradient(90deg,#FFB703,#EC7424);\r\n  }\r\n  @media (max-width:600px){\r\n    .discount-section{\r\n      margin:24px auto 16px auto;\r\n      padding:0 12px;\r\n    }\r\n    .discount-title{\r\n      font-size:26px;\r\n      padding-bottom:5px;\r\n    }\r\n    .discount-title::after{\r\n      height:3px;\r\n    }\r\n  }\r\n<\/style>\r\n\r\n<div class=\"discount-section\">\r\n  <h1 class=\"discount-title\">\r\n    Ekskluzywne kody rabatowe na wynajem auta na Maderze \u2013 nawet 10% zni\u017cki\r\n  <\/h1>\r\n<\/div>\r\n\t\t\t\t<\/div>\n\t\t\t\t\t<\/div>\n\t\t\t\t<\/div>\n\t\t<div class=\"elementor-element elementor-element-e5c9698 e-flex e-con-boxed e-con e-parent\" data-id=\"e5c9698\" data-element_type=\"container\" data-e-type=\"container\" data-settings=\"{&quot;background_background&quot;:&quot;classic&quot;}\">\n\t\t\t\t\t<div class=\"e-con-inner\">\n\t\t<div class=\"elementor-element elementor-element-b6a3017 e-con-full e-flex e-con e-child\" data-id=\"b6a3017\" data-element_type=\"container\" data-e-type=\"container\" data-settings=\"{&quot;background_background&quot;:&quot;classic&quot;}\">\n\t\t\t\t<div class=\"elementor-element elementor-element-49cdc23 elementor-widget elementor-widget-heading\" data-id=\"49cdc23\" data-element_type=\"widget\" data-e-type=\"widget\" data-widget_type=\"heading.default\">\n\t\t\t\t\t<h2 class=\"elementor-heading-title elementor-size-default\">Kod zni\u017ckowy RentX Car Rental<\/h2>\t\t\t\t<\/div>\n\t\t\t\t<div class=\"elementor-element elementor-element-92bc14d elementor-widget elementor-widget-image\" data-id=\"92bc14d\" data-element_type=\"widget\" data-e-type=\"widget\" data-widget_type=\"image.default\">\n\t\t\t\t\t\t\t\t\t\t\t\t<figure class=\"wp-caption\">\n\t\t\t\t\t\t\t\t\t\t\t<a href=\"https:\/\/rentx.pt\/\" target=\"_blank\" rel=\"noopener\">\n\t\t\t\t\t\t\t<img fetchpriority=\"high\" decoding=\"async\" width=\"500\" height=\"150\" src=\"https:\/\/madeiracarrentals.com\/wp-content\/uploads\/2025\/12\/10-ZNIZKA-rentx.png\" class=\"attachment-full size-full wp-image-30096\" alt=\"10% ZNI\u017bKA rentx\" srcset=\"https:\/\/madeiracarrentals.com\/wp-content\/uploads\/2025\/12\/10-ZNIZKA-rentx.png 500w, https:\/\/madeiracarrentals.com\/wp-content\/uploads\/2025\/12\/10-ZNIZKA-rentx-300x90.png 300w\" sizes=\"(max-width: 500px) 100vw, 500px\" \/>\t\t\t\t\t\t\t\t<\/a>\n\t\t\t\t\t\t\t\t\t\t\t<figcaption class=\"widget-image-caption wp-caption-text\"><\/figcaption>\n\t\t\t\t\t\t\t\t\t\t<\/figure>\n\t\t\t\t\t\t\t\t\t<\/div>\n\t\t\t\t<\/div>\n\t\t<div class=\"elementor-element elementor-element-cfa0ce2 e-con-full e-flex e-con e-child\" data-id=\"cfa0ce2\" data-element_type=\"container\" data-e-type=\"container\" data-settings=\"{&quot;background_background&quot;:&quot;classic&quot;}\">\n\t\t\t\t<div class=\"elementor-element elementor-element-de13a30 elementor-widget elementor-widget-heading\" data-id=\"de13a30\" data-element_type=\"widget\" data-e-type=\"widget\" data-widget_type=\"heading.default\">\n\t\t\t\t\t<h2 class=\"elementor-heading-title elementor-size-default\">Kod zni\u017ckowy Auto Canhas<\/h2>\t\t\t\t<\/div>\n\t\t\t\t<div class=\"elementor-element elementor-element-f90683d elementor-widget elementor-widget-image\" data-id=\"f90683d\" data-element_type=\"widget\" data-e-type=\"widget\" data-widget_type=\"image.default\">\n\t\t\t\t\t\t\t\t\t\t\t\t<figure class=\"wp-caption\">\n\t\t\t\t\t\t\t\t\t\t\t<a href=\"https:\/\/autocanhasrentacar.com\/en\/\" target=\"_blank\" rel=\"noopener\">\n\t\t\t\t\t\t\t<img decoding=\"async\" width=\"500\" height=\"150\" src=\"https:\/\/madeiracarrentals.com\/wp-content\/uploads\/2025\/12\/10ZNIZKA-canhas.png\" class=\"attachment-full size-full wp-image-30215\" alt=\"10%ZNI\u017bKA canhas\" srcset=\"https:\/\/madeiracarrentals.com\/wp-content\/uploads\/2025\/12\/10ZNIZKA-canhas.png 500w, https:\/\/madeiracarrentals.com\/wp-content\/uploads\/2025\/12\/10ZNIZKA-canhas-300x90.png 300w\" sizes=\"(max-width: 500px) 100vw, 500px\" \/>\t\t\t\t\t\t\t\t<\/a>\n\t\t\t\t\t\t\t\t\t\t\t<figcaption class=\"widget-image-caption wp-caption-text\"><\/figcaption>\n\t\t\t\t\t\t\t\t\t\t<\/figure>\n\t\t\t\t\t\t\t\t\t<\/div>\n\t\t\t\t<\/div>\n\t\t<div class=\"elementor-element elementor-element-72ce0aa e-con-full e-flex e-con e-child\" data-id=\"72ce0aa\" data-element_type=\"container\" data-e-type=\"container\" data-settings=\"{&quot;background_background&quot;:&quot;classic&quot;}\">\n\t\t\t\t<div class=\"elementor-element elementor-element-cd05728 elementor-widget elementor-widget-heading\" data-id=\"cd05728\" data-element_type=\"widget\" data-e-type=\"widget\" data-widget_type=\"heading.default\">\n\t\t\t\t\t<h1 class=\"elementor-heading-title elementor-size-default\">Kod zni\u017ckowy Rent-A-Car Madeira<\/h1>\t\t\t\t<\/div>\n\t\t\t\t<div class=\"elementor-element elementor-element-935c325 elementor-widget elementor-widget-image\" data-id=\"935c325\" data-element_type=\"widget\" data-e-type=\"widget\" data-widget_type=\"image.default\">\n\t\t\t\t\t\t\t\t\t\t\t\t<figure class=\"wp-caption\">\n\t\t\t\t\t\t\t\t\t\t\t<a href=\"https:\/\/rentcarmadeira.com\/en\/\" target=\"_blank\" rel=\"noopener\">\n\t\t\t\t\t\t\t<img decoding=\"async\" width=\"500\" height=\"150\" src=\"https:\/\/madeiracarrentals.com\/wp-content\/uploads\/2025\/12\/10-ZNIZKA-rent-a-car.png\" class=\"attachment-full size-full wp-image-30159\" alt=\"10% ZNI\u017bKA rent a car\" srcset=\"https:\/\/madeiracarrentals.com\/wp-content\/uploads\/2025\/12\/10-ZNIZKA-rent-a-car.png 500w, https:\/\/madeiracarrentals.com\/wp-content\/uploads\/2025\/12\/10-ZNIZKA-rent-a-car-300x90.png 300w\" sizes=\"(max-width: 500px) 100vw, 500px\" \/>\t\t\t\t\t\t\t\t<\/a>\n\t\t\t\t\t\t\t\t\t\t\t<figcaption class=\"widget-image-caption wp-caption-text\"><\/figcaption>\n\t\t\t\t\t\t\t\t\t\t<\/figure>\n\t\t\t\t\t\t\t\t\t<\/div>\n\t\t\t\t<\/div>\n\t\t\t\t\t<\/div>\n\t\t\t\t<\/div>\n\t\t<div class=\"elementor-element elementor-element-c1ba7a6 e-flex e-con-boxed e-con e-parent\" data-id=\"c1ba7a6\" data-element_type=\"container\" data-e-type=\"container\">\n\t\t\t\t\t<div class=\"e-con-inner\">\n\t\t\t\t<div class=\"elementor-element elementor-element-70d6844 elementor-widget elementor-widget-heading\" data-id=\"70d6844\" data-element_type=\"widget\" data-e-type=\"widget\" data-widget_type=\"heading.default\">\n\t\t\t\t\t<h2 class=\"elementor-heading-title elementor-size-default\">Kod rabatowy RentX Car Rental<\/h2>\t\t\t\t<\/div>\n\t\t\t\t<div class=\"elementor-element elementor-element-ba87701 elementor-widget elementor-widget-text-editor\" data-id=\"ba87701\" data-element_type=\"widget\" data-e-type=\"widget\" data-widget_type=\"text-editor.default\">\n\t\t\t\t\t\t\t\t\t<p>\ud83d\ude97 <strong>Zyskaj 10% zni\u017cki przy nast\u0119pnej rezerwacji w RentX!<\/strong><br data-start=\"92\" data-end=\"95\" data-is-only-node=\"\" \/>Wpisz <strong data-start=\"101\" data-end=\"123\">kod kuponu VAMOS10<\/strong> podczas rezerwacji, aby naliczy\u0107 zni\u017ck\u0119 \u2014 prosty wynajem auta na Maderze.<\/p>\t\t\t\t\t\t\t\t<\/div>\n\t\t\t\t<div class=\"elementor-element elementor-element-968f4cb elementor-align-justify elementor-widget elementor-widget-button\" data-id=\"968f4cb\" data-element_type=\"widget\" data-e-type=\"widget\" data-widget_type=\"button.default\">\n\t\t\t\t\t\t\t\t\t\t<a class=\"elementor-button elementor-button-link elementor-size-sm\" href=\"https:\/\/rentx.pt\/\" target=\"_blank\" rel=\"noopener\">\n\t\t\t\t\t\t<span class=\"elementor-button-content-wrapper\">\n\t\t\t\t\t\t\t\t\t<span class=\"elementor-button-text\">Zobacz ceny<\/span>\n\t\t\t\t\t<\/span>\n\t\t\t\t\t<\/a>\n\t\t\t\t\t\t\t\t<\/div>\n\t\t\t\t<div class=\"elementor-element elementor-element-e2b7ab9 elementor-widget-divider--view-line elementor-widget elementor-widget-divider\" data-id=\"e2b7ab9\" data-element_type=\"widget\" data-e-type=\"widget\" data-widget_type=\"divider.default\">\n\t\t\t\t\t\t\t<div class=\"elementor-divider\">\n\t\t\t<span class=\"elementor-divider-separator\">\n\t\t\t\t\t\t<\/span>\n\t\t<\/div>\n\t\t\t\t\t\t<\/div>\n\t\t\t\t<div class=\"elementor-element elementor-element-373cf48 elementor-widget elementor-widget-heading\" data-id=\"373cf48\" data-element_type=\"widget\" data-e-type=\"widget\" data-widget_type=\"heading.default\">\n\t\t\t\t\t<h2 class=\"elementor-heading-title elementor-size-default\">Kod rabatowy Auto Canhas<\/h2>\t\t\t\t<\/div>\n\t\t\t\t<div class=\"elementor-element elementor-element-5a7f771 elementor-widget elementor-widget-text-editor\" data-id=\"5a7f771\" data-element_type=\"widget\" data-e-type=\"widget\" data-widget_type=\"text-editor.default\">\n\t\t\t\t\t\t\t\t\t<p>\ud83d\ude97 <strong>5% zni\u017cki w Auto Canhas<\/strong><br data-start=\"405\" data-end=\"408\" \/>Podczas rezerwacji u\u017cyj kodu rabatowego <strong data-start=\"450\" data-end=\"460\">VAMOS5<\/strong>, aby otrzyma\u0107 <strong data-start=\"475\" data-end=\"488\">5% zni\u017cki<\/strong>.<\/p>\t\t\t\t\t\t\t\t<\/div>\n\t\t\t\t<div class=\"elementor-element elementor-element-fa3dbb2 elementor-align-justify elementor-widget elementor-widget-button\" data-id=\"fa3dbb2\" data-element_type=\"widget\" data-e-type=\"widget\" data-widget_type=\"button.default\">\n\t\t\t\t\t\t\t\t\t\t<a class=\"elementor-button elementor-button-link elementor-size-sm\" href=\"https:\/\/autocanhasrentacar.com\/en\/\" target=\"_blank\" rel=\"noopener\">\n\t\t\t\t\t\t<span class=\"elementor-button-content-wrapper\">\n\t\t\t\t\t\t\t\t\t<span class=\"elementor-button-text\">Zobacz ceny<\/span>\n\t\t\t\t\t<\/span>\n\t\t\t\t\t<\/a>\n\t\t\t\t\t\t\t\t<\/div>\n\t\t\t\t<div class=\"elementor-element elementor-element-b9326c3 elementor-widget-divider--view-line elementor-widget elementor-widget-divider\" data-id=\"b9326c3\" data-element_type=\"widget\" data-e-type=\"widget\" data-widget_type=\"divider.default\">\n\t\t\t\t\t\t\t<div class=\"elementor-divider\">\n\t\t\t<span class=\"elementor-divider-separator\">\n\t\t\t\t\t\t<\/span>\n\t\t<\/div>\n\t\t\t\t\t\t<\/div>\n\t\t\t\t<div class=\"elementor-element elementor-element-6185a84 elementor-widget elementor-widget-heading\" data-id=\"6185a84\" data-element_type=\"widget\" data-e-type=\"widget\" data-widget_type=\"heading.default\">\n\t\t\t\t\t<h2 class=\"elementor-heading-title elementor-size-default\">Kod rabatowy Rent-A-Car Madeira<\/h2>\t\t\t\t<\/div>\n\t\t\t\t<div class=\"elementor-element elementor-element-b8863ec elementor-widget elementor-widget-text-editor\" data-id=\"b8863ec\" data-element_type=\"widget\" data-e-type=\"widget\" data-widget_type=\"text-editor.default\">\n\t\t\t\t\t\t\t\t\t<p><img decoding=\"async\" class=\"emoji\" role=\"img\" draggable=\"false\" src=\"https:\/\/s.w.org\/images\/core\/emoji\/16.0.1\/svg\/1f697.svg\" alt=\"\ud83d\ude97\" \/> <strong>Otrzymaj 10% zni\u017cki od ceny samochodu w Rent-A-Car Madeira!<\/strong><br data-start=\"501\" data-end=\"504\" data-is-only-node=\"\" \/>Podaj <strong data-start=\"510\" data-end=\"532\">kod kuponu VAMOS10<\/strong> podczas rezerwacji, a system automatycznie odliczy <strong data-start=\"584\" data-end=\"591\">10%<\/strong> od ceny samochodu.<\/p>\t\t\t\t\t\t\t\t<\/div>\n\t\t\t\t<div class=\"elementor-element elementor-element-777fff5 elementor-align-justify elementor-widget elementor-widget-button\" data-id=\"777fff5\" data-element_type=\"widget\" data-e-type=\"widget\" data-widget_type=\"button.default\">\n\t\t\t\t\t\t\t\t\t\t<a class=\"elementor-button elementor-button-link elementor-size-sm\" href=\"https:\/\/rentcarmadeira.com\/en\/\" target=\"_blank\" rel=\"noopener\">\n\t\t\t\t\t\t<span class=\"elementor-button-content-wrapper\">\n\t\t\t\t\t\t\t\t\t<span class=\"elementor-button-text\">Zobacz ceny<\/span>\n\t\t\t\t\t<\/span>\n\t\t\t\t\t<\/a>\n\t\t\t\t\t\t\t\t<\/div>\n\t\t\t\t\t<\/div>\n\t\t\t\t<\/div>\n\t\t<div class=\"elementor-element elementor-element-4d54c0c e-flex e-con-boxed e-con e-parent\" data-id=\"4d54c0c\" data-element_type=\"container\" data-e-type=\"container\" data-settings=\"{&quot;background_background&quot;:&quot;classic&quot;}\">\n\t\t\t\t\t<div class=\"e-con-inner\">\n\t\t\t\t<div class=\"elementor-element elementor-element-d653832 elementor-widget elementor-widget-html\" data-id=\"d653832\" data-element_type=\"widget\" data-e-type=\"widget\" data-widget_type=\"html.default\">\n\t\t\t\t\t<!-- \u2728 Kapcsolat blokk -->\r\n<section class=\"contact-cta\">\r\n  <style>\r\n    .contact-cta {\r\n      font-family: \"Oswald\", system-ui, sans-serif;\r\n      background: linear-gradient(135deg, #f9fafb, #ffffff);\r\n      border-radius: 18px;\r\n      box-shadow: 0 8px 24px rgba(15, 23, 42, 0.08);\r\n      padding: clamp(30px, 5vw, 60px) clamp(20px, 4vw, 40px);\r\n      text-align: center;\r\n      margin: 40px auto;\r\n      max-width: 900px;\r\n    }\r\n\r\n    .contact-cta h2 {\r\n      font-size: clamp(22px, 3vw, 34px);\r\n      margin-bottom: 24px;\r\n      font-weight: 700;\r\n      color: #000;\r\n    }\r\n\r\n    .contact-cta .cta-buttons {\r\n      display: flex;\r\n      justify-content: center;\r\n      gap: 20px;\r\n      flex-wrap: wrap;\r\n    }\r\n\r\n    .contact-cta a {\r\n      display: inline-flex;\r\n      align-items: center;\r\n      gap: 10px;\r\n      text-decoration: none;\r\n      font-size: 16px;\r\n      font-weight: 700;\r\n      padding: 14px 24px;\r\n      border-radius: 12px;\r\n      transition: transform 0.2s ease, background 0.2s ease;\r\n    }\r\n\r\n    \/* Email gomb *\/\r\n    .contact-cta .email {\r\n      background: linear-gradient(135deg, #023047, #035c82);\r\n      color: #fff;\r\n      box-shadow: 0 6px 14px rgba(0, 0, 0, 0.12);\r\n    }\r\n    .contact-cta .email:hover {\r\n      background: linear-gradient(135deg, #ffb703, #ffd166);\r\n      color: #111827;\r\n      transform: translateY(-2px);\r\n    }\r\n\r\n    \/* WhatsApp gomb *\/\r\n    .contact-cta .whatsapp {\r\n      background: linear-gradient(135deg, #25D366, #1ebe57);\r\n      color: #fff;\r\n      box-shadow: 0 6px 14px rgba(0, 0, 0, 0.12);\r\n    }\r\n    .contact-cta .whatsapp:hover {\r\n      background: linear-gradient(135deg, #ffb703, #ffd166);\r\n      color: #111827;\r\n      transform: translateY(-2px);\r\n    }\r\n\r\n    .contact-cta a span {\r\n      font-size: 18px;\r\n    }\r\n  <\/style>\r\n\r\n  <h2>Potrzebujesz pomocy?<br>Napisz do nas e-mailem lub na WhatsAppie!<\/h2>\r\n\r\n  <div class=\"cta-buttons\">\r\n    <a href=\"mailto:info@car4youmadeira.com\" class=\"email\">\r\n      <span>\ud83d\udc8c<\/span> Wy\u015blij e-mail\r\n    <\/a>\r\n    <a href=\"https:\/\/wa.me\/36703883504\" target=\"_blank\" class=\"whatsapp\" rel=\"noopener\">\r\n      <span>\ud83d\udcac<\/span> Wiadomo\u015b\u0107 WhatsApp\r\n    <\/a>\r\n  <\/div>\r\n<\/section>\r\n\t\t\t\t<\/div>\n\t\t\t\t<div class=\"elementor-element elementor-element-90c2881 elementor-widget elementor-widget-spacer\" data-id=\"90c2881\" data-element_type=\"widget\" data-e-type=\"widget\" data-widget_type=\"spacer.default\">\n\t\t\t\t\t\t\t<div class=\"elementor-spacer\">\n\t\t\t<div class=\"elementor-spacer-inner\"><\/div>\n\t\t<\/div>\n\t\t\t\t\t\t<\/div>\n\t\t\t\t\t<\/div>\n\t\t\t\t<\/div>\n\t\t\t\t<\/div>\n\t\t","protected":false},"excerpt":{"rendered":"<p>Ekskluzywne kody rabatowe na wynajem auta na Maderze \u2013 nawet 10% zni\u017cki Kod zni\u017ckowy RentX Car Rental Kod zni\u017ckowy Auto Canhas Kod zni\u017ckowy Rent-A-Car Madeira Kod rabatowy RentX Car Rental &#x1f697; Zyskaj 10% zni\u017cki przy nast\u0119pnej rezerwacji w RentX!Wpisz kod kuponu VAMOS10 podczas rezerwacji, aby naliczy\u0107 zni\u017ck\u0119 \u2014 prosty wynajem auta na Maderze. Zobacz ceny [&hellip;]<\/p>\n","protected":false},"author":1,"featured_media":0,"parent":0,"menu_order":6,"comment_status":"closed","ping_status":"closed","template":"elementor_header_footer","meta":{"_glsr_average":0,"_glsr_ranking":0,"_glsr_reviews":0,"footnotes":""},"class_list":["post-10670","page","type-page","status-publish","hentry"],"_links":{"self":[{"href":"https:\/\/madeiracarrentals.com\/pl\/wp-json\/wp\/v2\/pages\/10670","targetHints":{"allow":["GET"]}}],"collection":[{"href":"https:\/\/madeiracarrentals.com\/pl\/wp-json\/wp\/v2\/pages"}],"about":[{"href":"https:\/\/madeiracarrentals.com\/pl\/wp-json\/wp\/v2\/types\/page"}],"author":[{"embeddable":true,"href":"https:\/\/madeiracarrentals.com\/pl\/wp-json\/wp\/v2\/users\/1"}],"replies":[{"embeddable":true,"href":"https:\/\/madeiracarrentals.com\/pl\/wp-json\/wp\/v2\/comments?post=10670"}],"version-history":[{"count":0,"href":"https:\/\/madeiracarrentals.com\/pl\/wp-json\/wp\/v2\/pages\/10670\/revisions"}],"wp:attachment":[{"href":"https:\/\/madeiracarrentals.com\/pl\/wp-json\/wp\/v2\/media?parent=10670"}],"curies":[{"name":"wp","href":"https:\/\/api.w.org\/{rel}","templated":true}]}}