{"id":13608,"date":"2024-04-03T10:09:18","date_gmt":"2024-04-03T10:09:18","guid":{"rendered":"https:\/\/madeiracarrentals.com\/madeira-car-rental-discount-code\/"},"modified":"2025-12-28T19:56:50","modified_gmt":"2025-12-28T19:56:50","slug":"madeira-car-rental-discount-code","status":"publish","type":"page","link":"https:\/\/madeiracarrentals.com\/ro\/madeira-car-rental-discount-code\/","title":{"rendered":"madeira-car-rental-discount -code"},"content":{"rendered":"\t\t<div data-elementor-type=\"wp-page\" data-elementor-id=\"13608\" class=\"elementor elementor-13608 elementor-411\" data-elementor-post-type=\"page\">\n\t\t\t\t<div class=\"elementor-element elementor-element-b4cb1d0 e-flex e-con-boxed e-con e-parent\" data-id=\"b4cb1d0\" data-element_type=\"container\" data-e-type=\"container\" data-settings=\"{&quot;background_background&quot;:&quot;classic&quot;}\">\n\t\t\t\t\t<div class=\"e-con-inner\">\n\t\t\t\t<div class=\"elementor-element elementor-element-808c5de elementor-widget elementor-widget-html\" data-id=\"808c5de\" data-element_type=\"widget\" data-e-type=\"widget\" data-widget_type=\"html.default\">\n\t\t\t\t\t<style>\r\n  .discount-section{\r\n    text-align:center;\r\n    margin:32px auto 20px auto;\r\n    max-width:900px;\r\n    padding:0 16px;\r\n    font-family:Arial, sans-serif;\r\n  }\r\n  .discount-title{\r\n    font-family:'Oswald', sans-serif;\r\n    font-size:40px;\r\n    font-weight:700;\r\n    line-height:1.25;\r\n    color:#023047;\r\n    display:inline-block;\r\n    position:relative;\r\n    padding-bottom:6px;\r\n  }\r\n  .discount-title::after{\r\n    content:\"\";\r\n    position:absolute;\r\n    left:0;\r\n    bottom:0;\r\n    width:100%;\r\n    height:4px;\r\n    border-radius:999px;\r\n    background:linear-gradient(90deg,#FFB703,#EC7424);\r\n  }\r\n  @media (max-width:600px){\r\n    .discount-section{\r\n      margin:24px auto 16px auto;\r\n      padding:0 12px;\r\n    }\r\n    .discount-title{\r\n      font-size:26px;\r\n      padding-bottom:5px;\r\n    }\r\n    .discount-title::after{\r\n      height:3px;\r\n    }\r\n  }\r\n<\/style>\r\n\r\n<div class=\"discount-section\">\r\n  <h1 class=\"discount-title\">\r\n    Coduri exclusive de reducere pentru \u00eenchirieri auto \u00een Madeira \u2013 p\u00e2n\u0103 la 10% reducere\r\n  <\/h1>\r\n<\/div>\r\n\t\t\t\t<\/div>\n\t\t\t\t\t<\/div>\n\t\t\t\t<\/div>\n\t\t<div class=\"elementor-element elementor-element-b9e4f6c e-flex e-con-boxed e-con e-parent\" data-id=\"b9e4f6c\" data-element_type=\"container\" data-e-type=\"container\" data-settings=\"{&quot;background_background&quot;:&quot;classic&quot;}\">\n\t\t\t\t\t<div class=\"e-con-inner\">\n\t\t<div class=\"elementor-element elementor-element-bb8808f e-con-full e-flex e-con e-child\" data-id=\"bb8808f\" data-element_type=\"container\" data-e-type=\"container\" data-settings=\"{&quot;background_background&quot;:&quot;classic&quot;}\">\n\t\t\t\t<div class=\"elementor-element elementor-element-1709162 elementor-widget elementor-widget-heading\" data-id=\"1709162\" data-element_type=\"widget\" data-e-type=\"widget\" data-widget_type=\"heading.default\">\n\t\t\t\t\t<h2 class=\"elementor-heading-title elementor-size-default\">Cod promo\u021bional RentX Car Rental<\/h2>\t\t\t\t<\/div>\n\t\t\t\t<div class=\"elementor-element elementor-element-43925dd elementor-widget elementor-widget-image\" data-id=\"43925dd\" data-element_type=\"widget\" data-e-type=\"widget\" data-widget_type=\"image.default\">\n\t\t\t\t\t\t\t\t\t\t\t\t<figure class=\"wp-caption\">\n\t\t\t\t\t\t\t\t\t\t\t<a href=\"https:\/\/rentx.pt\/\" target=\"_blank\" rel=\"noopener\">\n\t\t\t\t\t\t\t<img fetchpriority=\"high\" decoding=\"async\" width=\"500\" height=\"150\" src=\"https:\/\/madeiracarrentals.com\/wp-content\/uploads\/2025\/12\/10-REDUCERE-rentx.png\" class=\"attachment-full size-full wp-image-30106\" alt=\"10% REDUCERE rentx\" srcset=\"https:\/\/madeiracarrentals.com\/wp-content\/uploads\/2025\/12\/10-REDUCERE-rentx.png 500w, https:\/\/madeiracarrentals.com\/wp-content\/uploads\/2025\/12\/10-REDUCERE-rentx-300x90.png 300w\" sizes=\"(max-width: 500px) 100vw, 500px\" \/>\t\t\t\t\t\t\t\t<\/a>\n\t\t\t\t\t\t\t\t\t\t\t<figcaption class=\"widget-image-caption wp-caption-text\"><\/figcaption>\n\t\t\t\t\t\t\t\t\t\t<\/figure>\n\t\t\t\t\t\t\t\t\t<\/div>\n\t\t\t\t<\/div>\n\t\t<div class=\"elementor-element elementor-element-4adc3c3 e-con-full e-flex e-con e-child\" data-id=\"4adc3c3\" data-element_type=\"container\" data-e-type=\"container\" data-settings=\"{&quot;background_background&quot;:&quot;classic&quot;}\">\n\t\t\t\t<div class=\"elementor-element elementor-element-eee0bfc elementor-widget elementor-widget-heading\" data-id=\"eee0bfc\" data-element_type=\"widget\" data-e-type=\"widget\" data-widget_type=\"heading.default\">\n\t\t\t\t\t<h2 class=\"elementor-heading-title elementor-size-default\">Auto Canhas Cod promo\u021bional <\/h2>\t\t\t\t<\/div>\n\t\t\t\t<div class=\"elementor-element elementor-element-f51274a elementor-widget elementor-widget-image\" data-id=\"f51274a\" data-element_type=\"widget\" data-e-type=\"widget\" data-widget_type=\"image.default\">\n\t\t\t\t\t\t\t\t\t\t\t\t<figure class=\"wp-caption\">\n\t\t\t\t\t\t\t\t\t\t\t<a href=\"https:\/\/autocanhasrentacar.com\/en\/\" target=\"_blank\" rel=\"noopener\">\n\t\t\t\t\t\t\t<img decoding=\"async\" width=\"500\" height=\"150\" src=\"https:\/\/madeiracarrentals.com\/wp-content\/uploads\/2025\/12\/10-REDUCERE-canhas.png\" class=\"attachment-full size-full wp-image-30225\" alt=\"10% REDUCERE canhas\" srcset=\"https:\/\/madeiracarrentals.com\/wp-content\/uploads\/2025\/12\/10-REDUCERE-canhas.png 500w, https:\/\/madeiracarrentals.com\/wp-content\/uploads\/2025\/12\/10-REDUCERE-canhas-300x90.png 300w\" sizes=\"(max-width: 500px) 100vw, 500px\" \/>\t\t\t\t\t\t\t\t<\/a>\n\t\t\t\t\t\t\t\t\t\t\t<figcaption class=\"widget-image-caption wp-caption-text\"><\/figcaption>\n\t\t\t\t\t\t\t\t\t\t<\/figure>\n\t\t\t\t\t\t\t\t\t<\/div>\n\t\t\t\t<\/div>\n\t\t<div class=\"elementor-element elementor-element-d7b55d9 e-con-full e-flex e-con e-child\" data-id=\"d7b55d9\" data-element_type=\"container\" data-e-type=\"container\" data-settings=\"{&quot;background_background&quot;:&quot;classic&quot;}\">\n\t\t\t\t<div class=\"elementor-element elementor-element-63e5ba8 elementor-widget elementor-widget-heading\" data-id=\"63e5ba8\" data-element_type=\"widget\" data-e-type=\"widget\" data-widget_type=\"heading.default\">\n\t\t\t\t\t<h1 class=\"elementor-heading-title elementor-size-default\">Cod promo\u021bional Rent-A-Car Madeira<\/h1>\t\t\t\t<\/div>\n\t\t\t\t<div class=\"elementor-element elementor-element-2b50193 elementor-widget elementor-widget-image\" data-id=\"2b50193\" data-element_type=\"widget\" data-e-type=\"widget\" data-widget_type=\"image.default\">\n\t\t\t\t\t\t\t\t\t\t\t\t<figure class=\"wp-caption\">\n\t\t\t\t\t\t\t\t\t\t\t<a href=\"https:\/\/rentcarmadeira.com\/en\/\" target=\"_blank\" rel=\"noopener\">\n\t\t\t\t\t\t\t<img decoding=\"async\" width=\"500\" height=\"150\" src=\"https:\/\/madeiracarrentals.com\/wp-content\/uploads\/2025\/12\/10-REDUCERE-rent-a-car.png\" class=\"attachment-full size-full wp-image-30169\" alt=\"10% REDUCERE rent a car\" srcset=\"https:\/\/madeiracarrentals.com\/wp-content\/uploads\/2025\/12\/10-REDUCERE-rent-a-car.png 500w, https:\/\/madeiracarrentals.com\/wp-content\/uploads\/2025\/12\/10-REDUCERE-rent-a-car-300x90.png 300w\" sizes=\"(max-width: 500px) 100vw, 500px\" \/>\t\t\t\t\t\t\t\t<\/a>\n\t\t\t\t\t\t\t\t\t\t\t<figcaption class=\"widget-image-caption wp-caption-text\"><\/figcaption>\n\t\t\t\t\t\t\t\t\t\t<\/figure>\n\t\t\t\t\t\t\t\t\t<\/div>\n\t\t\t\t<\/div>\n\t\t\t\t\t<\/div>\n\t\t\t\t<\/div>\n\t\t<div class=\"elementor-element elementor-element-125c6b1 e-flex e-con-boxed e-con e-parent\" data-id=\"125c6b1\" data-element_type=\"container\" data-e-type=\"container\">\n\t\t\t\t\t<div class=\"e-con-inner\">\n\t\t\t\t<div class=\"elementor-element elementor-element-dc3bc2a elementor-widget elementor-widget-heading\" data-id=\"dc3bc2a\" data-element_type=\"widget\" data-e-type=\"widget\" data-widget_type=\"heading.default\">\n\t\t\t\t\t<h2 class=\"elementor-heading-title elementor-size-default\">Cod de reducere RentX Car Rental<\/h2>\t\t\t\t<\/div>\n\t\t\t\t<div class=\"elementor-element elementor-element-1121f7b elementor-widget elementor-widget-text-editor\" data-id=\"1121f7b\" data-element_type=\"widget\" data-e-type=\"widget\" data-widget_type=\"text-editor.default\">\n\t\t\t\t\t\t\t\t\t<p>\ud83d\ude97 <strong>Ob\u021bine 10% reducere la urm\u0103toarea \u00eenchiriere cu RentX!<\/strong><br data-start=\"144\" data-end=\"147\" \/>Introdu <strong data-start=\"155\" data-end=\"181\">codul de cupon VAMOS10<\/strong> la rezervare pentru a aplica reducerea \u2014 \u00eenchiriere auto simpl\u0103 \u00een Madeira.<\/p>\t\t\t\t\t\t\t\t<\/div>\n\t\t\t\t<div class=\"elementor-element elementor-element-b4396cf elementor-align-justify elementor-widget elementor-widget-button\" data-id=\"b4396cf\" data-element_type=\"widget\" data-e-type=\"widget\" data-widget_type=\"button.default\">\n\t\t\t\t\t\t\t\t\t\t<a class=\"elementor-button elementor-button-link elementor-size-sm\" href=\"https:\/\/rentx.pt\/\" target=\"_blank\" rel=\"noopener\">\n\t\t\t\t\t\t<span class=\"elementor-button-content-wrapper\">\n\t\t\t\t\t\t\t\t\t<span class=\"elementor-button-text\">Vezi pre\u021burile<\/span>\n\t\t\t\t\t<\/span>\n\t\t\t\t\t<\/a>\n\t\t\t\t\t\t\t\t<\/div>\n\t\t\t\t<div class=\"elementor-element elementor-element-1ceb197 elementor-widget-divider--view-line elementor-widget elementor-widget-divider\" data-id=\"1ceb197\" data-element_type=\"widget\" data-e-type=\"widget\" data-widget_type=\"divider.default\">\n\t\t\t\t\t\t\t<div class=\"elementor-divider\">\n\t\t\t<span class=\"elementor-divider-separator\">\n\t\t\t\t\t\t<\/span>\n\t\t<\/div>\n\t\t\t\t\t\t<\/div>\n\t\t\t\t<div class=\"elementor-element elementor-element-c52b56d elementor-widget elementor-widget-heading\" data-id=\"c52b56d\" data-element_type=\"widget\" data-e-type=\"widget\" data-widget_type=\"heading.default\">\n\t\t\t\t\t<h2 class=\"elementor-heading-title elementor-size-default\">Cod de reducere Auto Canhas<\/h2>\t\t\t\t<\/div>\n\t\t\t\t<div class=\"elementor-element elementor-element-f403f05 elementor-widget elementor-widget-text-editor\" data-id=\"f403f05\" data-element_type=\"widget\" data-e-type=\"widget\" data-widget_type=\"text-editor.default\">\n\t\t\t\t\t\t\t\t\t<p><strong>\ud83d\ude97 5% reducere la Auto Canhas<\/strong><br data-start=\"281\" data-end=\"284\" \/>La rezervare, folose\u0219te codul promo\u021bional <strong data-start=\"328\" data-end=\"338\">VAMOS5<\/strong> pentru <strong data-start=\"346\" data-end=\"361\">5% reducere<\/strong>.<\/p>\t\t\t\t\t\t\t\t<\/div>\n\t\t\t\t<div class=\"elementor-element elementor-element-0e09ee7 elementor-align-justify elementor-widget elementor-widget-button\" data-id=\"0e09ee7\" data-element_type=\"widget\" data-e-type=\"widget\" data-widget_type=\"button.default\">\n\t\t\t\t\t\t\t\t\t\t<a class=\"elementor-button elementor-button-link elementor-size-sm\" href=\"https:\/\/autocanhasrentacar.com\/en\/\" target=\"_blank\" rel=\"noopener\">\n\t\t\t\t\t\t<span class=\"elementor-button-content-wrapper\">\n\t\t\t\t\t\t\t\t\t<span class=\"elementor-button-text\">Vezi pre\u021burile<\/span>\n\t\t\t\t\t<\/span>\n\t\t\t\t\t<\/a>\n\t\t\t\t\t\t\t\t<\/div>\n\t\t\t\t<div class=\"elementor-element elementor-element-5858554 elementor-widget-divider--view-line elementor-widget elementor-widget-divider\" data-id=\"5858554\" data-element_type=\"widget\" data-e-type=\"widget\" data-widget_type=\"divider.default\">\n\t\t\t\t\t\t\t<div class=\"elementor-divider\">\n\t\t\t<span class=\"elementor-divider-separator\">\n\t\t\t\t\t\t<\/span>\n\t\t<\/div>\n\t\t\t\t\t\t<\/div>\n\t\t\t\t<div class=\"elementor-element elementor-element-9f41bd9 elementor-widget elementor-widget-heading\" data-id=\"9f41bd9\" data-element_type=\"widget\" data-e-type=\"widget\" data-widget_type=\"heading.default\">\n\t\t\t\t\t<h2 class=\"elementor-heading-title elementor-size-default\">Cod de reducere Rent-A-Car Madeira<\/h2>\t\t\t\t<\/div>\n\t\t\t\t<div class=\"elementor-element elementor-element-ea2ab85 elementor-widget elementor-widget-text-editor\" data-id=\"ea2ab85\" data-element_type=\"widget\" data-e-type=\"widget\" data-widget_type=\"text-editor.default\">\n\t\t\t\t\t\t\t\t\t<p><img decoding=\"async\" class=\"emoji\" role=\"img\" draggable=\"false\" src=\"https:\/\/s.w.org\/images\/core\/emoji\/16.0.1\/svg\/1f697.svg\" alt=\"\ud83d\ude97\" \/><strong>Ob\u021bine 10% reducere din pre\u021bul ma\u0219inii la Rent-A-Car Madeira!<\/strong><br data-start=\"578\" data-end=\"581\" \/>Introdu <strong data-start=\"589\" data-end=\"606\">codul VAMOS10<\/strong> la rezervare, iar sistemul va deduce automat <strong data-start=\"652\" data-end=\"659\">10%<\/strong> din pre\u021bul ma\u0219inii.<\/p>\t\t\t\t\t\t\t\t<\/div>\n\t\t\t\t<div class=\"elementor-element elementor-element-e1f5672 elementor-align-justify elementor-widget elementor-widget-button\" data-id=\"e1f5672\" data-element_type=\"widget\" data-e-type=\"widget\" data-widget_type=\"button.default\">\n\t\t\t\t\t\t\t\t\t\t<a class=\"elementor-button elementor-button-link elementor-size-sm\" href=\"https:\/\/rentcarmadeira.com\/en\/\" target=\"_blank\" rel=\"noopener\">\n\t\t\t\t\t\t<span class=\"elementor-button-content-wrapper\">\n\t\t\t\t\t\t\t\t\t<span class=\"elementor-button-text\">Vezi pre\u021burile<\/span>\n\t\t\t\t\t<\/span>\n\t\t\t\t\t<\/a>\n\t\t\t\t\t\t\t\t<\/div>\n\t\t\t\t\t<\/div>\n\t\t\t\t<\/div>\n\t\t<div class=\"elementor-element elementor-element-31919bf e-flex e-con-boxed e-con e-parent\" data-id=\"31919bf\" data-element_type=\"container\" data-e-type=\"container\" data-settings=\"{&quot;background_background&quot;:&quot;classic&quot;}\">\n\t\t\t\t\t<div class=\"e-con-inner\">\n\t\t\t\t<div class=\"elementor-element elementor-element-bf20ef3 elementor-widget elementor-widget-html\" data-id=\"bf20ef3\" data-element_type=\"widget\" data-e-type=\"widget\" data-widget_type=\"html.default\">\n\t\t\t\t\t<!-- \u2728 Kapcsolat blokk -->\r\n<section class=\"contact-cta\">\r\n  <style>\r\n    .contact-cta {\r\n      font-family: \"Oswald\", system-ui, sans-serif;\r\n      background: linear-gradient(135deg, #f9fafb, #ffffff);\r\n      border-radius: 18px;\r\n      box-shadow: 0 8px 24px rgba(15, 23, 42, 0.08);\r\n      padding: clamp(30px, 5vw, 60px) clamp(20px, 4vw, 40px);\r\n      text-align: center;\r\n      margin: 40px auto;\r\n      max-width: 900px;\r\n    }\r\n\r\n    .contact-cta h2 {\r\n      font-size: clamp(22px, 3vw, 34px);\r\n      margin-bottom: 24px;\r\n      font-weight: 700;\r\n      color: #000;\r\n    }\r\n\r\n    .contact-cta .cta-buttons {\r\n      display: flex;\r\n      justify-content: center;\r\n      gap: 20px;\r\n      flex-wrap: wrap;\r\n    }\r\n\r\n    .contact-cta a {\r\n      display: inline-flex;\r\n      align-items: center;\r\n      gap: 10px;\r\n      text-decoration: none;\r\n      font-size: 16px;\r\n      font-weight: 700;\r\n      padding: 14px 24px;\r\n      border-radius: 12px;\r\n      transition: transform 0.2s ease, background 0.2s ease;\r\n    }\r\n\r\n    \/* Email gomb *\/\r\n    .contact-cta .email {\r\n      background: linear-gradient(135deg, #023047, #035c82);\r\n      color: #fff;\r\n      box-shadow: 0 6px 14px rgba(0, 0, 0, 0.12);\r\n    }\r\n    .contact-cta .email:hover {\r\n      background: linear-gradient(135deg, #ffb703, #ffd166);\r\n      color: #111827;\r\n      transform: translateY(-2px);\r\n    }\r\n\r\n    \/* WhatsApp gomb *\/\r\n    .contact-cta .whatsapp {\r\n      background: linear-gradient(135deg, #25D366, #1ebe57);\r\n      color: #fff;\r\n      box-shadow: 0 6px 14px rgba(0, 0, 0, 0.12);\r\n    }\r\n    .contact-cta .whatsapp:hover {\r\n      background: linear-gradient(135deg, #ffb703, #ffd166);\r\n      color: #111827;\r\n      transform: translateY(-2px);\r\n    }\r\n\r\n    .contact-cta a span {\r\n      font-size: 18px;\r\n    }\r\n  <\/style>\r\n\r\n  <h2>Ai nevoie de ajutor?<br>Trimite-ne un mesaj pe e-mail sau pe WhatsApp!<\/h2>\r\n\r\n  <div class=\"cta-buttons\">\r\n    <a href=\"mailto:info@car4youmadeira.com\" class=\"email\">\r\n      <span>\ud83d\udc8c<\/span> Trimite e-mail\r\n    <\/a>\r\n    <a href=\"https:\/\/wa.me\/36703883504\" target=\"_blank\" class=\"whatsapp\" rel=\"noopener\">\r\n      <span>\ud83d\udcac<\/span> Mesaj pe WhatsApp\r\n    <\/a>\r\n  <\/div>\r\n<\/section>\r\n\t\t\t\t<\/div>\n\t\t\t\t<div class=\"elementor-element elementor-element-5191ffb elementor-widget elementor-widget-spacer\" data-id=\"5191ffb\" data-element_type=\"widget\" data-e-type=\"widget\" data-widget_type=\"spacer.default\">\n\t\t\t\t\t\t\t<div class=\"elementor-spacer\">\n\t\t\t<div class=\"elementor-spacer-inner\"><\/div>\n\t\t<\/div>\n\t\t\t\t\t\t<\/div>\n\t\t\t\t\t<\/div>\n\t\t\t\t<\/div>\n\t\t\t\t<\/div>\n\t\t","protected":false},"excerpt":{"rendered":"<p>Coduri exclusive de reducere pentru \u00eenchirieri auto \u00een Madeira \u2013 p\u00e2n\u0103 la 10% reducere Cod promo\u021bional RentX Car Rental Auto Canhas Cod promo\u021bional Cod promo\u021bional Rent-A-Car Madeira Cod de reducere RentX Car Rental &#x1f697; Ob\u021bine 10% reducere la urm\u0103toarea \u00eenchiriere cu RentX!Introdu codul de cupon VAMOS10 la rezervare pentru a aplica reducerea \u2014 \u00eenchiriere auto [&hellip;]<\/p>\n","protected":false},"author":1,"featured_media":0,"parent":0,"menu_order":6,"comment_status":"closed","ping_status":"closed","template":"elementor_header_footer","meta":{"_glsr_average":0,"_glsr_ranking":0,"_glsr_reviews":0,"footnotes":""},"class_list":["post-13608","page","type-page","status-publish","hentry"],"_links":{"self":[{"href":"https:\/\/madeiracarrentals.com\/ro\/wp-json\/wp\/v2\/pages\/13608","targetHints":{"allow":["GET"]}}],"collection":[{"href":"https:\/\/madeiracarrentals.com\/ro\/wp-json\/wp\/v2\/pages"}],"about":[{"href":"https:\/\/madeiracarrentals.com\/ro\/wp-json\/wp\/v2\/types\/page"}],"author":[{"embeddable":true,"href":"https:\/\/madeiracarrentals.com\/ro\/wp-json\/wp\/v2\/users\/1"}],"replies":[{"embeddable":true,"href":"https:\/\/madeiracarrentals.com\/ro\/wp-json\/wp\/v2\/comments?post=13608"}],"version-history":[{"count":0,"href":"https:\/\/madeiracarrentals.com\/ro\/wp-json\/wp\/v2\/pages\/13608\/revisions"}],"wp:attachment":[{"href":"https:\/\/madeiracarrentals.com\/ro\/wp-json\/wp\/v2\/media?parent=13608"}],"curies":[{"name":"wp","href":"https:\/\/api.w.org\/{rel}","templated":true}]}}